{"id":135569,"date":"2024-02-13T13:21:05","date_gmt":"2024-02-13T11:21:05","guid":{"rendered":"https:\/\/metaltale.com\/produktas\/metala-galda-kaja-retro-71-cm-melna\/"},"modified":"2024-02-13T13:21:05","modified_gmt":"2024-02-13T11:21:05","slug":"metala-galda-kaja-retro-71-cm-melna","status":"publish","type":"product","link":"https:\/\/metaltale.com\/lv\/produkts\/metala-galda-kaja-retro-71-cm-melna\/","title":{"rendered":"Met\u0101la galda k\u0101ja RETRO 71 cm, melna"},"content":{"rendered":"<div class=\"prod_data\">\n<p><strong>Modelis<\/strong> ZA.030.NDS<br \/>\n<strong>Materi\u0101ls<\/strong> T\u0113rauds<br \/>\nKop\u0113jais augstums (cm ) 71<br \/>\nMont\u0101\u017eas skr\u016bves N\u0113<br \/>\n<strong>Kr\u0101sa<\/strong> Melna<br \/>\nDaudzums komplekt\u0101 1 gab.<\/p>\n<p>&#8211; T\u0113rauda galda k\u0101ja nodro\u0161ina stabilu pamatu galda virsmai.<br \/>\n&#8211; priek\u0161roc\u012bba, ka m\u0113belei ir viena k\u0101ja &#8211; br\u012bv\u012bba izv\u0113l\u0113ties, kur to piestiprin\u0101t pie darba virsmas.<br \/>\n&#8211; melna met\u0101la k\u0101ja ar pulverkr\u0101sas p\u0101rkl\u0101jumu, \u013coti iztur\u012bga pret skr\u0101p\u0113jumiem.<br \/>\n&#8211; izstr\u0101d\u0101jumu kr\u0101sa var at\u0161\u0137irties no galerij\u0101 redzamajiem att\u0113liem individu\u0101lu monitora iestat\u012bjumu un materi\u0101lu \u012bpa\u0161\u012bbu d\u0113\u013c &#8211; t\u0113rauds ir neapstr\u0101d\u0101ts materi\u0101ls, kura kr\u0101sa, tonis un tekst\u016bra var at\u0161\u0137irties no parauga uz paraugu vai no partijas uz partiju.<\/p>\n<hr>\n<p>T\u0113rauda k\u0101ja ar tradicion\u0101lu, vienk\u0101r\u0161u formu, kas rakstur\u012bga koka k\u0101j\u0101m. T\u0101 ir interesanta alternat\u012bva, kas tradicion\u0101lo galdu p\u0101rv\u0113r\u0161 par b\u0113ni\u0146u \u0161edevru. Mode\u013ca vienk\u0101r\u0161\u012bba padara to ide\u0101li piem\u0113rotu visu veidu darba virsm\u0101m neatkar\u012bgi no to formas un materi\u0101la, no kura t\u0101s ir izgatavotas. Tas ir lieliski piem\u0113rots viesistab\u0101m, virtuv\u0113m vai konferen\u010du telp\u0101m. K\u0101jas arhitekt\u016bra padara to piem\u0113rotu ar\u012b k\u0101 balstu darba virsm\u0101m vai rakst\u0101mgaldiem. Pied\u0101v\u0101tais modelis diskr\u0113ti akcent\u0113s galda raksturu un skaistumu, k\u0101 ar\u012b visu interjeru.<\/p>\n<div id=\"s3gt_translate_tooltip_mini\" class=\"s3gt_translate_tooltip_mini_box\" style=\"background: initial !important; border: initial !important; border-radius: initial !important; border-spacing: initial !important; border-collapse: initial !important; direction: ltr !important; flex-direction: initial !important; font-weight: initial !important; height: initial !important; letter-spacing: initial !important; min-width: initial !important; max-width: initial !important; min-height: initial !important; max-height: initial !important; margin: auto !important; outline: initial !important; padding: initial !important; position: absolute; table-layout: initial !important; text-align: initial !important; text-shadow: initial !important; width: initial !important; word-break: initial !important; word-spacing: initial !important; overflow-wrap: initial !important; box-sizing: initial !important; display: initial !important; color: inherit !important; font-size: 13px !important; font-family: X-LocaleSpecific, sans-serif, Tahoma, Helvetica !important; line-height: 13px !important; vertical-align: top !important; white-space: inherit !important; left: 675px; top: 72px; opacity: 0.6;\">\n<div id=\"s3gt_translate_tooltip_mini_sound\" class=\"s3gt_translate_tooltip_mini\" title=\"Las\u012bt vair\u0101k\"><\/div>\n<div id=\"s3gt_translate_tooltip_mini_copy\" class=\"s3gt_translate_tooltip_mini\" title=\"Teksta kop\u0113\u0161ana uz starpliktuvi\"><\/div>\n<\/div>\n<\/div>\n","protected":false},"excerpt":{"rendered":"<p>Modelis ZA.030.NDS Materi\u0101ls T\u0113rauds Kop\u0113jais augstums (cm ) 71 Mont\u0101\u017eas skr\u016bves N\u0113 Kr\u0101sa Melna Daudzums komplekt\u0101 1 gab. &#8211; T\u0113rauda<\/p>\n","protected":false},"featured_media":76381,"comment_status":"open","ping_status":"closed","template":"","meta":{"_acf_changed":false,"pmpro_default_level":""},"product_brand":[],"product_cat":[24056,23916],"product_tag":[],"class_list":{"0":"post-135569","1":"product","2":"type-product","3":"status-publish","4":"has-post-thumbnail","6":"product_cat-mebelu-kajas","7":"product_cat-stalo-kojos-lv","8":"pmpro-has-access","10":"first","11":"instock","12":"shipping-taxable","13":"purchasable","14":"product-type-simple"},"acf":[],"yoast_head":"<!-- This site is optimized with the Yoast SEO plugin v24.9 - https:\/\/yoast.com\/wordpress\/plugins\/seo\/ -->\n<title>Met\u0101la galda k\u0101ja RETRO 71 cm, melna - MetalTale.com<\/title>\n<meta name=\"robots\" content=\"index, follow, max-snippet:-1, max-image-preview:large, max-video-preview:-1\" \/>\n<link rel=\"canonical\" href=\"https:\/\/metaltale.com\/lv\/produkts\/metala-galda-kaja-retro-71-cm-melna\/\" \/>\n<meta property=\"og:locale\" content=\"lv_LV\" \/>\n<meta property=\"og:type\" content=\"article\" \/>\n<meta property=\"og:title\" content=\"Met\u0101la galda k\u0101ja RETRO 71 cm, melna - MetalTale.com\" \/>\n<meta property=\"og:description\" content=\"Modelis ZA.030.NDS Materi\u0101ls T\u0113rauds Kop\u0113jais augstums (cm ) 71 Mont\u0101\u017eas skr\u016bves N\u0113 Kr\u0101sa Melna Daudzums komplekt\u0101 1 gab. &#8211; T\u0113rauda\" \/>\n<meta property=\"og:url\" content=\"https:\/\/metaltale.com\/lv\/produkts\/metala-galda-kaja-retro-71-cm-melna\/\" \/>\n<meta property=\"og:site_name\" content=\"MetalTale.com\" \/>\n<meta name=\"twitter:card\" content=\"summary_large_image\" \/>\n<meta name=\"twitter:label1\" content=\"Est. reading time\" \/>\n\t<meta name=\"twitter:data1\" content=\"1 minute\" \/>\n<script type=\"application\/ld+json\" class=\"yoast-schema-graph\">{\"@context\":\"https:\/\/schema.org\",\"@graph\":[{\"@type\":\"WebPage\",\"@id\":\"https:\/\/metaltale.com\/lv\/produkts\/metala-galda-kaja-retro-71-cm-melna\/\",\"url\":\"https:\/\/metaltale.com\/lv\/produkts\/metala-galda-kaja-retro-71-cm-melna\/\",\"name\":\"Met\u0101la galda k\u0101ja RETRO 71 cm, melna - MetalTale.com\",\"isPartOf\":{\"@id\":\"https:\/\/metaltale.com\/lv\/#website\"},\"primaryImageOfPage\":{\"@id\":\"https:\/\/metaltale.com\/lv\/produkts\/metala-galda-kaja-retro-71-cm-melna\/#primaryimage\"},\"image\":{\"@id\":\"https:\/\/metaltale.com\/lv\/produkts\/metala-galda-kaja-retro-71-cm-melna\/#primaryimage\"},\"thumbnailUrl\":\"https:\/\/metaltale.com\/wp-content\/uploads\/2023\/10\/Koja-RETRO-71-PLIENAS.jpg\",\"datePublished\":\"2024-02-13T11:21:05+00:00\",\"breadcrumb\":{\"@id\":\"https:\/\/metaltale.com\/lv\/produkts\/metala-galda-kaja-retro-71-cm-melna\/#breadcrumb\"},\"inLanguage\":\"lv-LV\",\"potentialAction\":[{\"@type\":\"ReadAction\",\"target\":[\"https:\/\/metaltale.com\/lv\/produkts\/metala-galda-kaja-retro-71-cm-melna\/\"]}]},{\"@type\":\"ImageObject\",\"inLanguage\":\"lv-LV\",\"@id\":\"https:\/\/metaltale.com\/lv\/produkts\/metala-galda-kaja-retro-71-cm-melna\/#primaryimage\",\"url\":\"https:\/\/metaltale.com\/wp-content\/uploads\/2023\/10\/Koja-RETRO-71-PLIENAS.jpg\",\"contentUrl\":\"https:\/\/metaltale.com\/wp-content\/uploads\/2023\/10\/Koja-RETRO-71-PLIENAS.jpg\",\"width\":1170,\"height\":1170,\"caption\":\"Met\u0101la galda k\u0101jas\"},{\"@type\":\"BreadcrumbList\",\"@id\":\"https:\/\/metaltale.com\/lv\/produkts\/metala-galda-kaja-retro-71-cm-melna\/#breadcrumb\",\"itemListElement\":[{\"@type\":\"ListItem\",\"position\":1,\"name\":\"Home\",\"item\":\"https:\/\/metaltale.com\/lv\/majas\/\"},{\"@type\":\"ListItem\",\"position\":2,\"name\":\"Veikals\",\"item\":\"https:\/\/metaltale.com\/lv\/shop\/\"},{\"@type\":\"ListItem\",\"position\":3,\"name\":\"Met\u0101la galda k\u0101ja RETRO 71 cm, melna\"}]},{\"@type\":\"WebSite\",\"@id\":\"https:\/\/metaltale.com\/lv\/#website\",\"url\":\"https:\/\/metaltale.com\/lv\/\",\"name\":\"Metaltale.com\",\"description\":\"\",\"potentialAction\":[{\"@type\":\"SearchAction\",\"target\":{\"@type\":\"EntryPoint\",\"urlTemplate\":\"https:\/\/metaltale.com\/lv\/?s={search_term_string}\"},\"query-input\":{\"@type\":\"PropertyValueSpecification\",\"valueRequired\":true,\"valueName\":\"search_term_string\"}}],\"inLanguage\":\"lv-LV\"}]}<\/script>\n<!-- \/ Yoast SEO plugin. -->","yoast_head_json":{"title":"Met\u0101la galda k\u0101ja RETRO 71 cm, melna - MetalTale.com","robots":{"index":"index","follow":"follow","max-snippet":"max-snippet:-1","max-image-preview":"max-image-preview:large","max-video-preview":"max-video-preview:-1"},"canonical":"https:\/\/metaltale.com\/lv\/produkts\/metala-galda-kaja-retro-71-cm-melna\/","og_locale":"lv_LV","og_type":"article","og_title":"Met\u0101la galda k\u0101ja RETRO 71 cm, melna - MetalTale.com","og_description":"Modelis ZA.030.NDS Materi\u0101ls T\u0113rauds Kop\u0113jais augstums (cm ) 71 Mont\u0101\u017eas skr\u016bves N\u0113 Kr\u0101sa Melna Daudzums komplekt\u0101 1 gab. &#8211; T\u0113rauda","og_url":"https:\/\/metaltale.com\/lv\/produkts\/metala-galda-kaja-retro-71-cm-melna\/","og_site_name":"MetalTale.com","twitter_card":"summary_large_image","twitter_misc":{"Est. reading time":"1 minute"},"schema":{"@context":"https:\/\/schema.org","@graph":[{"@type":"WebPage","@id":"https:\/\/metaltale.com\/lv\/produkts\/metala-galda-kaja-retro-71-cm-melna\/","url":"https:\/\/metaltale.com\/lv\/produkts\/metala-galda-kaja-retro-71-cm-melna\/","name":"Met\u0101la galda k\u0101ja RETRO 71 cm, melna - MetalTale.com","isPartOf":{"@id":"https:\/\/metaltale.com\/lv\/#website"},"primaryImageOfPage":{"@id":"https:\/\/metaltale.com\/lv\/produkts\/metala-galda-kaja-retro-71-cm-melna\/#primaryimage"},"image":{"@id":"https:\/\/metaltale.com\/lv\/produkts\/metala-galda-kaja-retro-71-cm-melna\/#primaryimage"},"thumbnailUrl":"https:\/\/metaltale.com\/wp-content\/uploads\/2023\/10\/Koja-RETRO-71-PLIENAS.jpg","datePublished":"2024-02-13T11:21:05+00:00","breadcrumb":{"@id":"https:\/\/metaltale.com\/lv\/produkts\/metala-galda-kaja-retro-71-cm-melna\/#breadcrumb"},"inLanguage":"lv-LV","potentialAction":[{"@type":"ReadAction","target":["https:\/\/metaltale.com\/lv\/produkts\/metala-galda-kaja-retro-71-cm-melna\/"]}]},{"@type":"ImageObject","inLanguage":"lv-LV","@id":"https:\/\/metaltale.com\/lv\/produkts\/metala-galda-kaja-retro-71-cm-melna\/#primaryimage","url":"https:\/\/metaltale.com\/wp-content\/uploads\/2023\/10\/Koja-RETRO-71-PLIENAS.jpg","contentUrl":"https:\/\/metaltale.com\/wp-content\/uploads\/2023\/10\/Koja-RETRO-71-PLIENAS.jpg","width":1170,"height":1170,"caption":"Met\u0101la galda k\u0101jas"},{"@type":"BreadcrumbList","@id":"https:\/\/metaltale.com\/lv\/produkts\/metala-galda-kaja-retro-71-cm-melna\/#breadcrumb","itemListElement":[{"@type":"ListItem","position":1,"name":"Home","item":"https:\/\/metaltale.com\/lv\/majas\/"},{"@type":"ListItem","position":2,"name":"Veikals","item":"https:\/\/metaltale.com\/lv\/shop\/"},{"@type":"ListItem","position":3,"name":"Met\u0101la galda k\u0101ja RETRO 71 cm, melna"}]},{"@type":"WebSite","@id":"https:\/\/metaltale.com\/lv\/#website","url":"https:\/\/metaltale.com\/lv\/","name":"Metaltale.com","description":"","potentialAction":[{"@type":"SearchAction","target":{"@type":"EntryPoint","urlTemplate":"https:\/\/metaltale.com\/lv\/?s={search_term_string}"},"query-input":{"@type":"PropertyValueSpecification","valueRequired":true,"valueName":"search_term_string"}}],"inLanguage":"lv-LV"}]}},"_links":{"self":[{"href":"https:\/\/metaltale.com\/lv\/wp-json\/wp\/v2\/product\/135569","targetHints":{"allow":["GET"]}}],"collection":[{"href":"https:\/\/metaltale.com\/lv\/wp-json\/wp\/v2\/product"}],"about":[{"href":"https:\/\/metaltale.com\/lv\/wp-json\/wp\/v2\/types\/product"}],"replies":[{"embeddable":true,"href":"https:\/\/metaltale.com\/lv\/wp-json\/wp\/v2\/comments?post=135569"}],"version-history":[{"count":0,"href":"https:\/\/metaltale.com\/lv\/wp-json\/wp\/v2\/product\/135569\/revisions"}],"wp:featuredmedia":[{"embeddable":true,"href":"https:\/\/metaltale.com\/lv\/wp-json\/wp\/v2\/media\/76381"}],"wp:attachment":[{"href":"https:\/\/metaltale.com\/lv\/wp-json\/wp\/v2\/media?parent=135569"}],"wp:term":[{"taxonomy":"product_brand","embeddable":true,"href":"https:\/\/metaltale.com\/lv\/wp-json\/wp\/v2\/product_brand?post=135569"},{"taxonomy":"product_cat","embeddable":true,"href":"https:\/\/metaltale.com\/lv\/wp-json\/wp\/v2\/product_cat?post=135569"},{"taxonomy":"product_tag","embeddable":true,"href":"https:\/\/metaltale.com\/lv\/wp-json\/wp\/v2\/product_tag?post=135569"}],"curies":[{"name":"wp","href":"https:\/\/api.w.org\/{rel}","templated":true}]}}